{"id":1349,"date":"2016-12-28T13:37:56","date_gmt":"2016-12-28T11:37:56","guid":{"rendered":"http:\/\/vrteckonjice.splet.arnes.si\/?page_id=1349"},"modified":"2025-11-26T11:15:06","modified_gmt":"2025-11-26T10:15:06","slug":"nas-vrtec","status":"publish","type":"page","link":"https:\/\/vrteckonjice.splet.arnes.si\/?page_id=1349","title":{"rendered":"NA\u0160 VRTEC"},"content":{"rendered":"<p>[et_pb_section fb_built=&#8221;1&#8243; custom_padding_last_edited=&#8221;on|desktop&#8221; admin_label=&#8221;section&#8221; _builder_version=&#8221;4.16&#8243; background_color=&#8221;rgba(255,255,255,0)&#8221; background_image=&#8221;http:\/\/vrteckonjice.splet.arnes.si\/files\/2016\/12\/5-688&#215;1024.jpg&#8221; parallax=&#8221;on&#8221; parallax_method=&#8221;off&#8221; custom_padding_tablet=&#8221;50px|0|50px|0&#8243; custom_padding_phone=&#8221;50px|0|50px|0&#8243; transparent_background=&#8221;on&#8221; padding_mobile=&#8221;off&#8221; make_fullwidth=&#8221;off&#8221; use_custom_width=&#8221;off&#8221; width_unit=&#8221;on&#8221; global_colors_info=&#8221;{}&#8221;][et_pb_row admin_label=&#8221;row&#8221; _builder_version=&#8221;4.16&#8243; background_size=&#8221;initial&#8221; background_position=&#8221;top_left&#8221; background_repeat=&#8221;repeat&#8221; global_colors_info=&#8221;{}&#8221;][et_pb_column type=&#8221;4_4&#8243; _builder_version=&#8221;4.16&#8243; custom_padding=&#8221;|||&#8221; global_colors_info=&#8221;{}&#8221; custom_padding__hover=&#8221;|||&#8221;][et_pb_toggle title=&#8221;NA\u0160 VRTEC&#8221; open=&#8221;on&#8221; open_toggle_background_color=&#8221;rgba(255,255,255,0.82)&#8221; admin_label=&#8221;Toggle&#8221; _builder_version=&#8221;4.27.4&#8243; title_text_color=&#8221;#474747&#8243; title_font_size=&#8221;21&#8243; body_font=&#8221;Verdana||||&#8221; background_size=&#8221;initial&#8221; background_position=&#8221;top_left&#8221; background_repeat=&#8221;repeat&#8221; use_border_color=&#8221;off&#8221; border_color=&#8221;#ffffff&#8221; border_style=&#8221;solid&#8221; global_colors_info=&#8221;{}&#8221;]<\/p>\n<p><span style=\"color: #454545\">Vrtec Slovenske Konjice je samostojen javni vrtec, ki izvaja javno veljavne programe za pred\u0161olske otroke, ki jih dolo\u010di Strokovni svet RS za splo\u0161no izobra\u017eevanje. Strokovna podlaga za delo, cilji pred\u0161olske vzgoje so zapisani v nacionalnem dokumentu Kurikulumu za vrtce.<\/span><\/p>\n<p><span style=\"color: #454545\">Javni vzgojno-varstveni zavod Slovenske Konjice je ustanovila Ob\u010dina Slovenske Konjice 23. 10. 1996. Zavod posluje s skraj\u0161anim imenom: VRTEC SLOVENSKE KONJICE. Vpisan je v sodni register pri Okro\u017enem sodi\u0161\u010du v Celju, na registrskem vlo\u017eku \u0161t.: 1\/06631\/00. Zavod je vpisan v Razvid zavodov vzgoje in izobra\u017eevanja, ki ga vodi Ministrstvo Republike Slovenije za \u0160olstvo in \u0161port.<\/span><\/p>\n<p><span style=\"color: #454545\">Zavod izvaja javno veljavne programe za pred\u0161olske otroke od kon\u010danega porodni\u0161kega dopusta (pribli\u017eno 11 mesecev otrokove starosti) do vstopa v \u0161olo ter za pred\u0161olske otroke s posebnimi potrebami.<\/span><\/p>\n<p><span style=\"color: #454545\">Sede\u017e zavoda, ki opravlja skupne naloge za vse enote vrtca, je v Slovenskih Konjicah. Vrtec posluje na osmih lokacijah, v sedmih krajih Ob\u010dine Slovenske Konjice. Vrtec ima 36 oddelkov prvega in drugega starostnega obdobja ter kombinirane oddelke ter oddelek s prilagojenim programom.<\/span><\/p>\n<p><span style=\"color: #454545\">Enote vrtca so: v slovenskih konjicah Prevrat, Tatenbach; Tepanje, Lo\u010de in dislocirani oddelki v krajevnih skupnostih Sv. <\/span><span style=\"color: #454545\">Jernej,<\/span><span style=\"color: #454545\">\u00a0<\/span><span style=\"color: #454545\">\u0160pitali\u010d, Zbelovo in \u017di\u010de.<\/span><\/p>\n<p>[\/et_pb_toggle][\/et_pb_column][\/et_pb_row][\/et_pb_section]<\/p>\n","protected":false},"excerpt":{"rendered":"<p>Vrtec Slovenske Konjice je samostojen javni vrtec, ki izvaja javno veljavne programe za pred\u0161olske otroke, ki jih dolo\u010di Strokovni svet RS za splo\u0161no izobra\u017eevanje. Strokovna podlaga za delo, cilji pred\u0161olske vzgoje so zapisani v nacionalnem dokumentu Kurikulumu za vrtce. Javni vzgojno-varstveni zavod Slovenske Konjice je ustanovila Ob\u010dina Slovenske Konjice 23. 10. 1996. Zavod posluje s [&hellip;]<\/p>\n","protected":false},"author":3129,"featured_media":0,"parent":875,"menu_order":0,"comment_status":"closed","ping_status":"open","template":"","meta":{"_et_pb_use_builder":"on","_et_pb_old_content":"","_et_gb_content_width":"","ngg_post_thumbnail":0,"footnotes":""},"class_list":["post-1349","page","type-page","status-publish","hentry"],"_links":{"self":[{"href":"https:\/\/vrteckonjice.splet.arnes.si\/index.php?rest_route=\/wp\/v2\/pages\/1349","targetHints":{"allow":["GET"]}}],"collection":[{"href":"https:\/\/vrteckonjice.splet.arnes.si\/index.php?rest_route=\/wp\/v2\/pages"}],"about":[{"href":"https:\/\/vrteckonjice.splet.arnes.si\/index.php?rest_route=\/wp\/v2\/types\/page"}],"author":[{"embeddable":true,"href":"https:\/\/vrteckonjice.splet.arnes.si\/index.php?rest_route=\/wp\/v2\/users\/3129"}],"replies":[{"embeddable":true,"href":"https:\/\/vrteckonjice.splet.arnes.si\/index.php?rest_route=%2Fwp%2Fv2%2Fcomments&post=1349"}],"version-history":[{"count":8,"href":"https:\/\/vrteckonjice.splet.arnes.si\/index.php?rest_route=\/wp\/v2\/pages\/1349\/revisions"}],"predecessor-version":[{"id":11945,"href":"https:\/\/vrteckonjice.splet.arnes.si\/index.php?rest_route=\/wp\/v2\/pages\/1349\/revisions\/11945"}],"up":[{"embeddable":true,"href":"https:\/\/vrteckonjice.splet.arnes.si\/index.php?rest_route=\/wp\/v2\/pages\/875"}],"wp:attachment":[{"href":"https:\/\/vrteckonjice.splet.arnes.si\/index.php?rest_route=%2Fwp%2Fv2%2Fmedia&parent=1349"}],"curies":[{"name":"wp","href":"https:\/\/api.w.org\/{rel}","templated":true}]}}