{"id":851,"date":"2016-09-10T00:37:02","date_gmt":"2016-09-09T22:37:02","guid":{"rendered":"http:\/\/vrteckonjice.splet.arnes.si\/?page_id=851"},"modified":"2020-02-03T22:21:55","modified_gmt":"2020-02-03T21:21:55","slug":"otroci-s-posebnimi-potrebami-v-vrtcu","status":"publish","type":"page","link":"https:\/\/vrteckonjice.splet.arnes.si\/?page_id=851","title":{"rendered":"otroci s posebnimi potrebami v vrtcu"},"content":{"rendered":"<p>[et_pb_section fb_built=&#8221;1&#8243; background_image=&#8221;http:\/\/vrteckonjice.splet.arnes.si\/files\/2016\/08\/Blown_dandelions_-_blue_sky_Ugress_p\u00e5_langtur.jpg&#8221; transparent_background=&#8221;on&#8221; parallax=&#8221;on&#8221; parallax_method=&#8221;off&#8221; padding_mobile=&#8221;off&#8221; admin_label=&#8221;section&#8221;][et_pb_row admin_label=&#8221;row&#8221; background_color=&#8221;rgba(0,0,0,0.26)&#8221; custom_padding=&#8221;50px|20px|100px|20px&#8221;][et_pb_column type=&#8221;4_4&#8243; parallax=&#8221;off&#8221; parallax_method=&#8221;on&#8221;][et_pb_text background_layout=&#8221;dark&#8221; admin_label=&#8221;Text&#8221;]<\/p>\n<p style=\"font-weight: 400\"><strong>V na\u0161em vrtcu spo\u0161tujemo razli\u010dnost, zato namenjamo otrokom s posebnimi potrebami \u0161e posebno skrb in pozornost.<\/strong><\/p>\n<p style=\"font-weight: 400\"><strong>V skladu z Zakonom o usmerjanju otrok s posebnimi potrebami so otroci s posebnimi potrebami:<\/strong><\/p>\n<ul style=\"font-weight: 400\">\n<li>otroci z motnjami v du\u0161evnem razvoju;<\/li>\n<li>slepi in slabovidni otroci oziroma otroci z okvaro vidne funkcije;<\/li>\n<li>gluhi in naglu\u0161ni otroci;<\/li>\n<li>otroci z govorno-jezikovnimi motnjami;<\/li>\n<li>gibalno ovirani otroci;<\/li>\n<li>dolgotrajno bolni otroci;<\/li>\n<li>otroci s primanjkljaji na posameznih podro\u010djih u\u010denja;<\/li>\n<li>otroci z avtisti\u010dnimi motnjami;<\/li>\n<li>otroci s \u010dustvenimi in vedenjskimi motnjami.<\/li>\n<\/ul>\n<p style=\"font-weight: 400\">\n<p style=\"font-weight: 400\">Otroci so vklju\u010deni v\u00a0<strong>program za pred\u0161olske otroke s prilagojenim izvajanjem in dodatno strokovno pomo\u010djo<\/strong>\u00a0(otrok je vklju\u010den v \u00bbredni\u00ab oddelek vrtca in mu je skladno z odlo\u010dbo nudena dodatna strokovna pomo\u010d\/fizi\u010dni spremljevalec in\/ali ustrezni pripomo\u010dki, v oddelku, v katerega je vklju\u010den, pa se izvajajo tudi ustrezne prilagoditve vzgojno-izobra\u017eevalnega dela).<\/p>\n<p style=\"font-weight: 400\">\n<p style=\"font-weight: 400\">V \u0161olskem letu 2018\/19 smo v vrtcu s ponosom odprli\u00a0<strong>razvojni oddelek<\/strong>, v katerega so lahko vklju\u010deni otroci s posebnimi potrebami pri celostnem razvoju ali na nekaterih specifi\u010dnih podro\u010djih. Otrok je v\u00a0<strong>prilagojen program za pred\u0161olske otroke<\/strong>\u00a0usmerjen z odlo\u010dbo ZRS\u0160. Specialna pedagoginja, ki izvaja vzgojno-izobra\u017eevalni proces, individualno prilagaja delo vsakemu otroku, kljub vsemu pa skrbi za navezovanje stikov in socializacijo. V svoje delo vpeljuje elemente montessori pedagogike. Zelo dobro sodelujemo z O\u0160 V parku, kjer lahko uporabljamo njihovo gibalnico in senzorno sobo oz. snoezelen. S skupnimi mo\u010dmi premikamo meje, spodbujamo samostojnost, vklju\u010devanje v dru\u017ebo in kar je najpomembnej\u0161e \u2013 ri\u0161emo nasmeh na obraz otrokom in star\u0161em. Otrok resni\u010dno dobi ob\u010dutek, da je vreden, da je pomemben, da je sli\u0161an in opa\u017een, star\u0161em pa je njegov napredek v ponos. Na\u0161e vodilo pri vzgojnem delu je: \u00bbBODI DRUGA\u010cEN, A HKRATI ENAK\u00ab.<\/p>\n<p style=\"font-weight: 400\">\n<p style=\"font-weight: 400\">\n<p style=\"font-weight: 400\">Ve\u010d\u00a0o samem postopku usmerjanja si\u00a0lahko preberete na spletni strani Zavoda RS za \u0161olstvo (<a href=\"http:\/\/www.zrss.si\/\">www.zrss.si<\/a>), kjer postopke vodijo in izdajajo odlo\u010dbe.<\/p>\n<p style=\"font-weight: 400\">\n<p style=\"font-weight: 400\">Dodatno strokovno pomo\u010d izvajajo strokovnjaki iz zunanjih ustanov (logoped, specialni pedagog, tiflopedagog, surdopedagog).<\/p>\n<p style=\"font-weight: 400\">\n<p style=\"font-weight: 400\">Za dodatne informacije glede postopka usmerjanja se lahko obrnete na svetovalno delavko, Simono \u017divec<\/p>\n<p style=\"font-weight: 400\">\n[\/et_pb_text][\/et_pb_column][\/et_pb_row][\/et_pb_section]<\/p>\n","protected":false},"excerpt":{"rendered":"<p>V na\u0161em vrtcu spo\u0161tujemo razli\u010dnost, zato namenjamo otrokom s posebnimi potrebami \u0161e posebno skrb in pozornost. V skladu z Zakonom o usmerjanju otrok s posebnimi potrebami so otroci s posebnimi potrebami: otroci z motnjami v du\u0161evnem razvoju; slepi in slabovidni otroci oziroma otroci z okvaro vidne funkcije; gluhi in naglu\u0161ni otroci; otroci z govorno-jezikovnimi motnjami; [&hellip;]<\/p>\n","protected":false},"author":3129,"featured_media":0,"parent":843,"menu_order":0,"comment_status":"closed","ping_status":"open","template":"","meta":{"_et_pb_use_builder":"on","_et_pb_old_content":"<p>V na\u0161em vrtcu spo\u0161tujemo razli\u010dnost, zato namenjamo otrokom s posebnimi potrebami \u0161e posebno skrb in pozornost. V skladu z Zakonom o usmerjanju otrok s posebnimi potrebami so otroci s posebnimi potrebami:<\/p><ul><li>otroci z motnjami v du\u0161evnem razvoju;<\/li><li>slepi in slabovidni otroci oziroma otroci z okvaro vidne funkcije;<\/li><li>gluhi in naglu\u0161ni otroci;<\/li><li>otroci z govorno-jezikovnimi motnjami;<\/li><li>gibalno ovirani otroci;<\/li><li>dolgotrajno bolni otroci;<\/li><li>otroci s primanjkljaji na posameznih podro\u010djih u\u010denja;<\/li><li>otroci z avtisti\u010dnimi motnjami;<\/li><li>otroci s \u010dustvenimi in vedenjskimi motnjami.<\/li><\/ul><p>\u00a0<\/p><p>Otroci so vklju\u010deni v <strong>program za pred\u0161olske otroke s prilagojenim izvajanjem in dodatno strokovno pomo\u010djo<\/strong> (otrok je vklju\u010den v \u00bbredni\u00ab oddelek vrtca in mu je skladno z odlo\u010dbo nudena dodatna strokovna pomo\u010d\/fizi\u010dni spremljevalec in\/ali ustrezni pripomo\u010dki, v oddelku, v katerega je vklju\u010den, pa se izvajajo tudi ustrezne prilagoditve vzgojno-izobra\u017eevalnega dela).<\/p><p>\u00a0<\/p><p>Postopek usmerjanja se lahko pri\u010dne na zahtevo star\u0161ev ali na predlog vrtca.<\/p><p>\u00a0<\/p><p>Ve\u010d\u00a0o samem postopku usmerjanja si\u00a0lahko preberete na spletni strani Zavoda RS za \u0161olstvo (<a href=\"http:\/\/www.zrss.si\/\">www.zrss.si<\/a>), kjer postopke vodijo in izdajajo odlo\u010dbe.<\/p><p>\u00a0<\/p><p>Dodatno strokovno pomo\u010d izvajajo strokovnjaki iz zunanjih ustanov (logoped, specialni pedagog, tiflopedagog, surdopedagog).<\/p><p>\u00a0<\/p><p>Za dodatne informacije glede postopka usmerjanja se lahko obrnete na svetovalno delavko, Simono \u017divec<\/p>","_et_gb_content_width":"","ngg_post_thumbnail":0,"footnotes":""},"class_list":["post-851","page","type-page","status-publish","hentry"],"_links":{"self":[{"href":"https:\/\/vrteckonjice.splet.arnes.si\/index.php?rest_route=\/wp\/v2\/pages\/851","targetHints":{"allow":["GET"]}}],"collection":[{"href":"https:\/\/vrteckonjice.splet.arnes.si\/index.php?rest_route=\/wp\/v2\/pages"}],"about":[{"href":"https:\/\/vrteckonjice.splet.arnes.si\/index.php?rest_route=\/wp\/v2\/types\/page"}],"author":[{"embeddable":true,"href":"https:\/\/vrteckonjice.splet.arnes.si\/index.php?rest_route=\/wp\/v2\/users\/3129"}],"replies":[{"embeddable":true,"href":"https:\/\/vrteckonjice.splet.arnes.si\/index.php?rest_route=%2Fwp%2Fv2%2Fcomments&post=851"}],"version-history":[{"count":6,"href":"https:\/\/vrteckonjice.splet.arnes.si\/index.php?rest_route=\/wp\/v2\/pages\/851\/revisions"}],"predecessor-version":[{"id":8505,"href":"https:\/\/vrteckonjice.splet.arnes.si\/index.php?rest_route=\/wp\/v2\/pages\/851\/revisions\/8505"}],"up":[{"embeddable":true,"href":"https:\/\/vrteckonjice.splet.arnes.si\/index.php?rest_route=\/wp\/v2\/pages\/843"}],"wp:attachment":[{"href":"https:\/\/vrteckonjice.splet.arnes.si\/index.php?rest_route=%2Fwp%2Fv2%2Fmedia&parent=851"}],"curies":[{"name":"wp","href":"https:\/\/api.w.org\/{rel}","templated":true}]}}