{"id":868,"date":"2016-10-09T23:18:28","date_gmt":"2016-10-09T21:18:28","guid":{"rendered":"http:\/\/vrteckonjice.splet.arnes.si\/?page_id=868"},"modified":"2025-09-02T21:41:44","modified_gmt":"2025-09-02T19:41:44","slug":"projekti","status":"publish","type":"page","link":"https:\/\/vrteckonjice.splet.arnes.si\/?page_id=868","title":{"rendered":"projekti"},"content":{"rendered":"<p>[et_pb_section fb_built=&#8221;1&#8243; custom_padding_last_edited=&#8221;on|desktop&#8221; admin_label=&#8221;section&#8221; _builder_version=&#8221;4.18.0&#8243; background_image=&#8221;https:\/\/vrteckonjice.splet.arnes.si\/files\/2022\/03\/o-DANDELION-facebookN-1920&#215;960-1.jpg&#8221; parallax=&#8221;on&#8221; parallax_method=&#8221;off&#8221; custom_padding_tablet=&#8221;50px|0|50px|0&#8243; custom_padding_phone=&#8221;50px|0|50px|0&#8243; transparent_background=&#8221;off&#8221; padding_mobile=&#8221;off&#8221; make_fullwidth=&#8221;off&#8221; use_custom_width=&#8221;off&#8221; width_unit=&#8221;on&#8221; global_colors_info=&#8221;{}&#8221;][et_pb_row admin_label=&#8221;row&#8221; _builder_version=&#8221;4.16&#8243; background_size=&#8221;initial&#8221; background_position=&#8221;top_left&#8221; background_repeat=&#8221;repeat&#8221; global_colors_info=&#8221;{}&#8221;][et_pb_column type=&#8221;4_4&#8243; _builder_version=&#8221;4.16&#8243; custom_padding=&#8221;|||&#8221; global_colors_info=&#8221;{}&#8221; custom_padding__hover=&#8221;|||&#8221;][et_pb_text admin_label=&#8221;Text&#8221; _builder_version=&#8221;4.18.0&#8243; background_color=&#8221;rgba(255,255,255,0.58)&#8221; background_size=&#8221;initial&#8221; background_position=&#8221;top_left&#8221; background_repeat=&#8221;repeat&#8221; background_layout=&#8221;dark&#8221; hover_enabled=&#8221;0&#8243; use_border_color=&#8221;off&#8221; border_color=&#8221;#ffffff&#8221; border_style=&#8221;solid&#8221; global_colors_info=&#8221;{}&#8221; sticky_enabled=&#8221;0&#8243;]<\/p>\n<pre>&nbsp;<\/pre>\n<h1 style=\"font-weight: 400;text-align: center\"><span style=\"color: #000000\">PROJEKTI<\/span><\/h1>\n<p style=\"font-weight: 400\">&nbsp;<\/p>\n<p>[\/et_pb_text][et_pb_divider show_divider=&#8221;off&#8221; _builder_version=&#8221;4.18.0&#8243; _module_preset=&#8221;default&#8221; global_colors_info=&#8221;{}&#8221;][\/et_pb_divider][et_pb_divider show_divider=&#8221;off&#8221; _builder_version=&#8221;4.18.0&#8243; _module_preset=&#8221;default&#8221; global_colors_info=&#8221;{}&#8221;][\/et_pb_divider][\/et_pb_column][\/et_pb_row][et_pb_row _builder_version=&#8221;4.18.0&#8243; _module_preset=&#8221;default&#8221; global_colors_info=&#8221;{}&#8221;][et_pb_column type=&#8221;4_4&#8243; _builder_version=&#8221;4.18.0&#8243; _module_preset=&#8221;default&#8221; global_colors_info=&#8221;{}&#8221;][et_pb_divider show_divider=&#8221;off&#8221; _builder_version=&#8221;4.18.0&#8243; _module_preset=&#8221;default&#8221; width=&#8221;100%&#8221; global_colors_info=&#8221;{}&#8221;][\/et_pb_divider][\/et_pb_column][\/et_pb_row][et_pb_row column_structure=&#8221;1_2,1_2&#8243; admin_label=&#8221;row&#8221; _builder_version=&#8221;4.16&#8243; background_size=&#8221;initial&#8221; background_position=&#8221;top_left&#8221; background_repeat=&#8221;repeat&#8221; global_colors_info=&#8221;{}&#8221;][et_pb_column type=&#8221;1_2&#8243; _builder_version=&#8221;4.16&#8243; custom_padding=&#8221;|||&#8221; global_colors_info=&#8221;{}&#8221; custom_padding__hover=&#8221;|||&#8221;][et_pb_text admin_label=&#8221;Text&#8221; _builder_version=&#8221;4.27.4&#8243; background_color=&#8221;rgba(0,0,0,0.5)&#8221; background_size=&#8221;initial&#8221; background_position=&#8221;top_left&#8221; background_repeat=&#8221;repeat&#8221; background_layout=&#8221;dark&#8221; use_border_color=&#8221;off&#8221; border_color=&#8221;#ffffff&#8221; border_style=&#8221;solid&#8221; global_colors_info=&#8221;{}&#8221;]<\/p>\n<h3 style=\"font-weight: 400\">ZDRAVJE V VRTCU<\/h3>\n<p><a href=\"https:\/\/vrteckonjice.splet.arnes.si\/files\/2025\/07\/za-splet-LETNO-POROCILO-VRTCA-SLOVENSKE-KONJICE-2025.pdf\" rel=\"attachment wp-att-11803\">LETNO PORO\u010cILO VRTCA SLOVENSKE KONJICE <\/a><\/p>\n<p>&nbsp;<\/p>\n<p>[\/et_pb_text][\/et_pb_column][et_pb_column type=&#8221;1_2&#8243; _builder_version=&#8221;4.16&#8243; custom_padding=&#8221;|||&#8221; global_colors_info=&#8221;{}&#8221; custom_padding__hover=&#8221;|||&#8221;][\/et_pb_column][\/et_pb_row][et_pb_row admin_label=&#8221;Row&#8221; _builder_version=&#8221;4.16&#8243; background_size=&#8221;initial&#8221; background_position=&#8221;top_left&#8221; background_repeat=&#8221;repeat&#8221; global_colors_info=&#8221;{}&#8221;][et_pb_column type=&#8221;4_4&#8243; _builder_version=&#8221;4.16&#8243; custom_padding=&#8221;|||&#8221; global_colors_info=&#8221;{}&#8221; custom_padding__hover=&#8221;|||&#8221;][et_pb_divider show_divider=&#8221;off&#8221; disabled_on=&#8221;on|on|off&#8221; admin_label=&#8221;Divider&#8221; _builder_version=&#8221;4.16&#8243; height=&#8221;100px&#8221; hide_on_mobile=&#8221;on&#8221; global_colors_info=&#8221;{}&#8221;][\/et_pb_divider][\/et_pb_column][\/et_pb_row][et_pb_row column_structure=&#8221;1_2,1_2&#8243; admin_label=&#8221;row&#8221; _builder_version=&#8221;4.16&#8243; background_size=&#8221;initial&#8221; background_position=&#8221;top_left&#8221; background_repeat=&#8221;repeat&#8221; global_colors_info=&#8221;{}&#8221;][et_pb_column type=&#8221;1_2&#8243; _builder_version=&#8221;4.16&#8243; custom_padding=&#8221;|||&#8221; global_colors_info=&#8221;{}&#8221; custom_padding__hover=&#8221;|||&#8221;][et_pb_blurb url=&#8221;https:\/\/www.sportmladih.net\/programi_som\/mali_soncek&#8221; image=&#8221;http:\/\/vrteckonjice.splet.arnes.si\/files\/2016\/10\/image001.jpg&#8221; image_icon_width=&#8221;none&#8221; admin_label=&#8221;Blurb&#8221; _builder_version=&#8221;4.16&#8243; background_size=&#8221;initial&#8221; background_position=&#8221;top_left&#8221; background_repeat=&#8221;repeat&#8221; use_border_color=&#8221;off&#8221; border_color=&#8221;#ffffff&#8221; border_style=&#8221;solid&#8221; image_max_width=&#8221;none&#8221; use_circle=&#8221;off&#8221; use_circle_border=&#8221;off&#8221; circle_border_color=&#8221;#ff0cca&#8221; circle_color=&#8221;#ff0cca&#8221; global_colors_info=&#8221;{}&#8221;][\/et_pb_blurb][\/et_pb_column][et_pb_column type=&#8221;1_2&#8243; _builder_version=&#8221;4.16&#8243; custom_padding=&#8221;|||&#8221; global_colors_info=&#8221;{}&#8221; custom_padding__hover=&#8221;|||&#8221;][et_pb_text admin_label=&#8221;Text&#8221; _builder_version=&#8221;4.18.0&#8243; background_color=&#8221;rgba(0,0,0,0.5)&#8221; background_size=&#8221;initial&#8221; background_position=&#8221;top_left&#8221; background_repeat=&#8221;repeat&#8221; background_layout=&#8221;dark&#8221; use_border_color=&#8221;off&#8221; border_color=&#8221;#ffffff&#8221; border_style=&#8221;solid&#8221; global_colors_info=&#8221;{}&#8221;]<\/p>\n<h3 style=\"font-weight: 400\">MALI SON\u010cEK<\/h3>\n<p style=\"font-weight: 400\">V sodelovanju z Zavodom za \u0161port RS&nbsp; smo vklju\u010deni v gibalni\/\u0161portni program za pred\u0161olske otroke. Vklju\u010deni so vsi oddelki vrtca, razen otroci do 2 let.<\/p>\n<p>[\/et_pb_text][\/et_pb_column][\/et_pb_row][et_pb_row admin_label=&#8221;Row&#8221; _builder_version=&#8221;4.16&#8243; background_size=&#8221;initial&#8221; background_position=&#8221;top_left&#8221; background_repeat=&#8221;repeat&#8221; global_colors_info=&#8221;{}&#8221;][et_pb_column type=&#8221;4_4&#8243; _builder_version=&#8221;4.16&#8243; custom_padding=&#8221;|||&#8221; global_colors_info=&#8221;{}&#8221; custom_padding__hover=&#8221;|||&#8221;][et_pb_divider show_divider=&#8221;off&#8221; disabled_on=&#8221;on|on|off&#8221; admin_label=&#8221;Divider&#8221; _builder_version=&#8221;4.16&#8243; height=&#8221;140px&#8221; hide_on_mobile=&#8221;on&#8221; global_colors_info=&#8221;{}&#8221;][\/et_pb_divider][\/et_pb_column][\/et_pb_row][et_pb_row column_structure=&#8221;1_2,1_2&#8243; admin_label=&#8221;row&#8221; _builder_version=&#8221;4.16&#8243; background_size=&#8221;initial&#8221; background_position=&#8221;top_left&#8221; background_repeat=&#8221;repeat&#8221; global_colors_info=&#8221;{}&#8221;][et_pb_column type=&#8221;1_2&#8243; _builder_version=&#8221;4.16&#8243; custom_padding=&#8221;|||&#8221; global_colors_info=&#8221;{}&#8221; custom_padding__hover=&#8221;|||&#8221;][et_pb_blurb url=&#8221;http:\/\/www.pasavcek.si\/&#8221; image=&#8221;http:\/\/vrteckonjice.splet.arnes.si\/files\/2016\/10\/image004.jpg&#8221; image_icon_width=&#8221;none&#8221; admin_label=&#8221;Blurb&#8221; _builder_version=&#8221;4.16&#8243; header_letter_spacing=&#8221;59px&#8221; background_size=&#8221;initial&#8221; background_position=&#8221;top_left&#8221; background_repeat=&#8221;repeat&#8221; use_border_color=&#8221;off&#8221; border_color=&#8221;#ffffff&#8221; border_style=&#8221;solid&#8221; image_max_width=&#8221;none&#8221; use_circle=&#8221;off&#8221; use_circle_border=&#8221;off&#8221; circle_border_color=&#8221;#ff0cca&#8221; circle_color=&#8221;#ff0cca&#8221; global_colors_info=&#8221;{}&#8221;][\/et_pb_blurb][\/et_pb_column][et_pb_column type=&#8221;1_2&#8243; _builder_version=&#8221;4.16&#8243; custom_padding=&#8221;|||&#8221; global_colors_info=&#8221;{}&#8221; custom_padding__hover=&#8221;|||&#8221;][et_pb_text admin_label=&#8221;Text&#8221; _builder_version=&#8221;4.18.0&#8243; background_color=&#8221;rgba(0,0,0,0.5)&#8221; background_size=&#8221;initial&#8221; background_position=&#8221;top_left&#8221; background_repeat=&#8221;repeat&#8221; background_layout=&#8221;dark&#8221; use_border_color=&#8221;off&#8221; border_color=&#8221;#ffffff&#8221; border_style=&#8221;solid&#8221; global_colors_info=&#8221;{}&#8221;]<\/p>\n<h3 style=\"font-weight: 400\">PASAV\u010cEK<\/h3>\n<p style=\"font-weight: 400\">Akcija \u00bbRED JE VEDNO PAS PRIPET\u00ab: ozave\u0161\u010danje&nbsp; za ve\u010djo varnost otrok med vo\u017enjo in spodbujanje k uporabi otro\u0161kih varnostnih sede\u017eev in varnostnih pasov.<\/p>\n<p>[\/et_pb_text][\/et_pb_column][\/et_pb_row][et_pb_row admin_label=&#8221;Row&#8221; _builder_version=&#8221;4.16&#8243; background_size=&#8221;initial&#8221; background_position=&#8221;top_left&#8221; background_repeat=&#8221;repeat&#8221; global_colors_info=&#8221;{}&#8221;][et_pb_column type=&#8221;4_4&#8243; _builder_version=&#8221;4.16&#8243; custom_padding=&#8221;|||&#8221; global_colors_info=&#8221;{}&#8221; custom_padding__hover=&#8221;|||&#8221;][et_pb_divider show_divider=&#8221;off&#8221; disabled_on=&#8221;on|on|off&#8221; admin_label=&#8221;Divider&#8221; _builder_version=&#8221;4.16&#8243; height=&#8221;140px&#8221; hide_on_mobile=&#8221;on&#8221; global_colors_info=&#8221;{}&#8221;][\/et_pb_divider][\/et_pb_column][\/et_pb_row][et_pb_row column_structure=&#8221;1_2,1_2&#8243; admin_label=&#8221;row&#8221; _builder_version=&#8221;4.16&#8243; background_size=&#8221;initial&#8221; background_position=&#8221;top_left&#8221; background_repeat=&#8221;repeat&#8221; global_colors_info=&#8221;{}&#8221;][et_pb_column type=&#8221;1_2&#8243; _builder_version=&#8221;4.16&#8243; custom_padding=&#8221;|||&#8221; global_colors_info=&#8221;{}&#8221; custom_padding__hover=&#8221;|||&#8221;][et_pb_text admin_label=&#8221;Text&#8221; _builder_version=&#8221;4.27.0&#8243; background_color=&#8221;rgba(0,0,0,0.5)&#8221; background_size=&#8221;initial&#8221; background_position=&#8221;top_left&#8221; background_repeat=&#8221;repeat&#8221; background_layout=&#8221;dark&#8221; use_border_color=&#8221;off&#8221; border_color=&#8221;#ffffff&#8221; border_style=&#8221;solid&#8221; global_colors_info=&#8221;{}&#8221;]<\/p>\n<h3 style=\"font-weight: 400\">EKO PROJEKT (EKO \u0160OLA\/VRTEC)<\/h3>\n<p style=\"font-weight: 400\">Program Eko\u0161ola je mednarodno uveljavljen program celostne okoljske vzgoje in izobra\u017eevanja, namenjen spodbujanju in ve\u010danju ozave\u0161\u010denosti o trajnostnem razvoju med otroki, u\u010denci in dijaki skozi njihov vzgojni in izobra\u017eevalni program ter skozi aktivno udejstvovanje v lokalni skupnosti in \u0161ir\u0161e. Naloge so vezane na razpisane dejavnosti, ki jih narekuje EKO \u0161ola\/vrtec.<\/p>\n<p>[\/et_pb_text][\/et_pb_column][et_pb_column type=&#8221;1_2&#8243; _builder_version=&#8221;4.16&#8243; custom_padding=&#8221;|||&#8221; global_colors_info=&#8221;{}&#8221; custom_padding__hover=&#8221;|||&#8221;][et_pb_blurb url=&#8221;http:\/\/www.ekosola.si\/program-dela-2013-14\/projekti-vrtci\/&#8221; image=&#8221;http:\/\/vrteckonjice.splet.arnes.si\/files\/2016\/10\/image005.jpg&#8221; image_icon_width=&#8221;none&#8221; admin_label=&#8221;Blurb&#8221; _builder_version=&#8221;4.16&#8243; background_size=&#8221;initial&#8221; background_position=&#8221;top_left&#8221; background_repeat=&#8221;repeat&#8221; use_border_color=&#8221;off&#8221; border_color=&#8221;#ffffff&#8221; border_style=&#8221;solid&#8221; image_max_width=&#8221;none&#8221; use_circle=&#8221;off&#8221; use_circle_border=&#8221;off&#8221; circle_border_color=&#8221;#ff0cca&#8221; circle_color=&#8221;#ff0cca&#8221; global_colors_info=&#8221;{}&#8221;][\/et_pb_blurb][\/et_pb_column][\/et_pb_row][et_pb_row admin_label=&#8221;Row&#8221; _builder_version=&#8221;4.16&#8243; background_size=&#8221;initial&#8221; background_position=&#8221;top_left&#8221; background_repeat=&#8221;repeat&#8221; global_colors_info=&#8221;{}&#8221;][et_pb_column type=&#8221;4_4&#8243; _builder_version=&#8221;4.16&#8243; custom_padding=&#8221;|||&#8221; global_colors_info=&#8221;{}&#8221; custom_padding__hover=&#8221;|||&#8221;][et_pb_divider show_divider=&#8221;off&#8221; disabled_on=&#8221;on|on|off&#8221; admin_label=&#8221;Divider&#8221; _builder_version=&#8221;4.16&#8243; height=&#8221;140px&#8221; hide_on_mobile=&#8221;on&#8221; global_colors_info=&#8221;{}&#8221;][\/et_pb_divider][\/et_pb_column][\/et_pb_row][\/et_pb_section]<\/p>\n","protected":false},"excerpt":{"rendered":"<p>&nbsp; PROJEKTI &nbsp;ZDRAVJE V VRTCU LETNO PORO\u010cILO VRTCA SLOVENSKE KONJICE &nbsp;MALI SON\u010cEK V sodelovanju z Zavodom za \u0161port RS&nbsp; smo vklju\u010deni v gibalni\/\u0161portni program za pred\u0161olske otroke. Vklju\u010deni so vsi oddelki vrtca, razen otroci do 2 let.PASAV\u010cEK Akcija \u00bbRED JE VEDNO PAS PRIPET\u00ab: ozave\u0161\u010danje&nbsp; za ve\u010djo varnost otrok med vo\u017enjo in spodbujanje k uporabi otro\u0161kih [&hellip;]<\/p>\n","protected":false},"author":3129,"featured_media":0,"parent":875,"menu_order":0,"comment_status":"closed","ping_status":"open","template":"","meta":{"_et_pb_use_builder":"on","_et_pb_old_content":"","_et_gb_content_width":"","ngg_post_thumbnail":0,"footnotes":""},"class_list":["post-868","page","type-page","status-publish","hentry"],"_links":{"self":[{"href":"https:\/\/vrteckonjice.splet.arnes.si\/index.php?rest_route=\/wp\/v2\/pages\/868","targetHints":{"allow":["GET"]}}],"collection":[{"href":"https:\/\/vrteckonjice.splet.arnes.si\/index.php?rest_route=\/wp\/v2\/pages"}],"about":[{"href":"https:\/\/vrteckonjice.splet.arnes.si\/index.php?rest_route=\/wp\/v2\/types\/page"}],"author":[{"embeddable":true,"href":"https:\/\/vrteckonjice.splet.arnes.si\/index.php?rest_route=\/wp\/v2\/users\/3129"}],"replies":[{"embeddable":true,"href":"https:\/\/vrteckonjice.splet.arnes.si\/index.php?rest_route=%2Fwp%2Fv2%2Fcomments&post=868"}],"version-history":[{"count":15,"href":"https:\/\/vrteckonjice.splet.arnes.si\/index.php?rest_route=\/wp\/v2\/pages\/868\/revisions"}],"predecessor-version":[{"id":11847,"href":"https:\/\/vrteckonjice.splet.arnes.si\/index.php?rest_route=\/wp\/v2\/pages\/868\/revisions\/11847"}],"up":[{"embeddable":true,"href":"https:\/\/vrteckonjice.splet.arnes.si\/index.php?rest_route=\/wp\/v2\/pages\/875"}],"wp:attachment":[{"href":"https:\/\/vrteckonjice.splet.arnes.si\/index.php?rest_route=%2Fwp%2Fv2%2Fmedia&parent=868"}],"curies":[{"name":"wp","href":"https:\/\/api.w.org\/{rel}","templated":true}]}}